{"id":16,"date":"2023-07-15T17:38:21","date_gmt":"2023-07-15T15:38:21","guid":{"rendered":"http:\/\/wp1151088.server-he.de\/?page_id=16"},"modified":"2025-12-13T07:26:25","modified_gmt":"2025-12-13T06:26:25","slug":"homepage","status":"publish","type":"page","link":"https:\/\/taekwondo-coburg.com\/","title":{"rendered":"Startseite"},"content":{"rendered":"\n<h2 class=\"wp-block-heading has-text-align-center\">Training<\/h2>\n\n\n\n<p class=\"has-text-align-center\">Wolltest Du nicht auch schon immer Teil eines Vereins sein, bei dem sich die Mitglieder gegenseitig helfen und gemeinsam Spa\u00df haben? Gibt es nicht? Doch \u2013 bei uns! Informiere Dich unverbindlich oder komm einfach zu einem Probetraining.<\/p>\n\n\n\n<p class=\"has-text-align-center\"><strong>Trainingszeiten<\/strong><\/p>\n\n\n\n<p class=\"has-text-align-center\">Montag 17:30 Uhr \u2013 19:30 Uhr \u2013 F\u00fcr Alle<\/p>\n\n\n\n<p class=\"has-text-align-center\">Mittwoch\u00a017:30 Uhr \u2013 19:30 Uhr \u2013 Pratzentraining<\/p>\n\n\n\n<p class=\"has-text-align-center\">Freitag\u00a018:30 Uhr \u2013 20:00 Uhr \u2013 F\u00fcr Alle<\/p>\n\n\n\n<p class=\"has-text-align-center\">Das Training findet immer in der Turnhalle des Gymnasiums Alexandrinum statt.<\/p>\n\n\n\n<p class=\"has-text-align-center\">W\u00e4hrend der Schulferien findet kein Training statt.<br>Wenn Du noch Fragen hast, schreibe uns einfach eine E-Mail an:&nbsp;<a href=\"mailto:kontakt@taekwondo-coburg.com\">kontakt@taekwondo-coburg.com<\/a><\/p>\n\n\n<div id=\"wpgmza_map_1\" class=\"wpgmza_map wpgmza-auto-center\" style=\"display:block;width:100%;height:400px;overflow:hidden;position:relative;\" data-map-id=\"1\" data-maps-engine=\"open-layers\" data-build-engine=\"atlas-novus\" data-shortcode-attributes=\"{&quot;id&quot;:&quot;1&quot;,&quot;zoom&quot;:false,&quot;width&quot;:false,&quot;height&quot;:false,&quot;marker&quot;:false,&quot;classname&quot;:false}\" data-settings=\"{&quot;map_title&quot;:&quot;Turnhalle&quot;,&quot;map_width&quot;:&quot;100&quot;,&quot;map_height&quot;:&quot;400&quot;,&quot;map_start_lat&quot;:&quot;50.256147859736615&quot;,&quot;map_start_lng&quot;:&quot;10.97123535165879&quot;,&quot;map_start_location&quot;:&quot;45.950464398418106,-109.81550500000003&quot;,&quot;map_start_zoom&quot;:&quot;17&quot;,&quot;default_marker&quot;:&quot;&quot;,&quot;type&quot;:&quot;1&quot;,&quot;alignment&quot;:&quot;4&quot;,&quot;directions_enabled&quot;:&quot;0&quot;,&quot;styling_enabled&quot;:&quot;0&quot;,&quot;styling_json&quot;:&quot;&quot;,&quot;active&quot;:&quot;0&quot;,&quot;kml&quot;:&quot;&quot;,&quot;bicycle&quot;:&quot;0&quot;,&quot;traffic&quot;:&quot;0&quot;,&quot;dbox&quot;:&quot;0&quot;,&quot;dbox_width&quot;:&quot;&quot;,&quot;listmarkers&quot;:&quot;0&quot;,&quot;listmarkers_advanced&quot;:&quot;0&quot;,&quot;filterbycat&quot;:&quot;0&quot;,&quot;ugm_enabled&quot;:&quot;0&quot;,&quot;ugm_category_enabled&quot;:&quot;0&quot;,&quot;fusion&quot;:&quot;&quot;,&quot;map_width_type&quot;:&quot;%&quot;,&quot;map_height_type&quot;:&quot;px&quot;,&quot;mass_marker_support&quot;:&quot;0&quot;,&quot;ugm_access&quot;:&quot;0&quot;,&quot;order_markers_by&quot;:&quot;0&quot;,&quot;order_markers_choice&quot;:&quot;0&quot;,&quot;show_user_location&quot;:&quot;0&quot;,&quot;default_to&quot;:&quot;&quot;,&quot;map_type&quot;:1,&quot;sl_stroke_color&quot;:&quot;&quot;,&quot;sl_fill_color&quot;:&quot;&quot;,&quot;sl_stroke_opacity&quot;:&quot;&quot;,&quot;sl_fill_opacity&quot;:&quot;&quot;,&quot;transport_layer&quot;:false,&quot;action&quot;:&quot;wpgmza_save_map&quot;,&quot;redirect_to&quot;:&quot;\\\/wp-admin\\\/admin-post.php&quot;,&quot;map_id&quot;:&quot;1&quot;,&quot;wpgmza_savemap&quot;:&quot;Karte speichern&quot;,&quot;http_referer&quot;:&quot;\\\/wp-admin\\\/admin.php?page=wp-google-maps-menu&amp;amp;action=edit&amp;amp;map_id=1&quot;,&quot;wpgmza_id&quot;:&quot;1&quot;,&quot;wpgmza_start_location&quot;:&quot;50.256147859736615,10.97123535165879&quot;,&quot;wpgmza_start_zoom&quot;:&quot;17&quot;,&quot;wpgmza_map_align&quot;:&quot;2&quot;,&quot;store_locator_enabled&quot;:false,&quot;store_locator_distance&quot;:false,&quot;store_locator_search_area&quot;:&quot;radial&quot;,&quot;wpgmza_store_locator_default_radius&quot;:&quot;10&quot;,&quot;store_locator_auto_area_max_zoom&quot;:&quot;&quot;,&quot;wpgmza_store_locator_radius_style&quot;:&quot;legacy&quot;,&quot;store_locator_component_anchor&quot;:&quot;0&quot;,&quot;wpgmza_store_locator_bounce&quot;:false,&quot;wpgmza_sl_animation&quot;:null,&quot;store_locator_query_string&quot;:&quot;&quot;,&quot;store_locator_location_placeholder&quot;:&quot;&quot;,&quot;store_locator_default_address&quot;:&quot;&quot;,&quot;store_locator_name_search&quot;:false,&quot;store_locator_name_string&quot;:&quot;&quot;,&quot;store_locator_not_found_message&quot;:&quot;&quot;,&quot;store_locator_show_distance&quot;:false,&quot;store_locator_category&quot;:false,&quot;wpgmza_store_locator_use_their_location&quot;:false,&quot;wpgmza_store_locator_hide_before_search&quot;:false,&quot;store_locator_nearby_searches&quot;:false,&quot;wpgmza_theme_data&quot;:&quot;&quot;,&quot;custom_tile_enabled&quot;:false,&quot;custom_tile_image&quot;:&quot;&quot;,&quot;custom_tile_image_width&quot;:&quot;&quot;,&quot;custom_tile_image_height&quot;:&quot;&quot;,&quot;custom_tile_image_attribution&quot;:&quot;&quot;,&quot;iw_primary_color&quot;:&quot;#000000&quot;,&quot;iw_accent_color&quot;:&quot;#000000&quot;,&quot;iw_text_color&quot;:&quot;#000000&quot;,&quot;close_infowindow_on_map_click&quot;:false,&quot;marker_share_links&quot;:false,&quot;wpgmza_listmarkers_by&quot;:&quot;0&quot;,&quot;marker_listing_component_anchor&quot;:null,&quot;marker_listing_component_auto_open&quot;:false,&quot;dataTable_pagination_style&quot;:null,&quot;category_filter_component_anchor&quot;:null,&quot;zoom_level_on_marker_listing_override&quot;:false,&quot;zoom_level_on_marker_listing_click&quot;:&quot;&quot;,&quot;marker_listing_disable_zoom&quot;:false,&quot;datatable_no_result_message&quot;:&quot;&quot;,&quot;remove_search_box_datables&quot;:false,&quot;datatable_search_string&quot;:&quot;&quot;,&quot;datatable_result_start&quot;:&quot;&quot;,&quot;datatable_result_of&quot;:&quot;&quot;,&quot;datatable_result_to&quot;:&quot;&quot;,&quot;datatable_result_total&quot;:&quot;&quot;,&quot;datatable_result_show&quot;:&quot;&quot;,&quot;datatable_result_entries&quot;:&quot;&quot;,&quot;category_legends_enabled&quot;:false,&quot;category_legends_component_anchor&quot;:null,&quot;jump_to_nearest_marker_on_initialization&quot;:false,&quot;click_open_link&quot;:false,&quot;wpgmza_zoom_on_marker_click&quot;:false,&quot;wpgmza_zoom_on_marker_click_slider&quot;:&quot;&quot;,&quot;polygon_labels&quot;:false,&quot;disable_polygon_info_windows&quot;:false,&quot;fit_maps_bounds_to_markers&quot;:false,&quot;fit_maps_bounds_to_markers_after_filtering&quot;:false,&quot;automatically_pan_to_users_location&quot;:false,&quot;override_users_location_zoom_level&quot;:false,&quot;override_users_location_zoom_levels&quot;:&quot;&quot;,&quot;show_distance_from_location&quot;:false,&quot;map_starts_in_streetview&quot;:false,&quot;map_starts_in_streetview_location&quot;:&quot;&quot;,&quot;map_starts_in_streetview_heading&quot;:&quot;&quot;,&quot;map_starts_in_streetview_pitch&quot;:&quot;&quot;,&quot;map_max_zoom&quot;:&quot;21&quot;,&quot;map_min_zoom&quot;:&quot;0&quot;,&quot;hide_point_of_interest&quot;:false,&quot;disable_lightbox_images&quot;:false,&quot;use_Raw_Jpeg_Coordinates&quot;:false,&quot;enable_marker_ratings&quot;:false,&quot;only_load_markers_within_viewport&quot;:false,&quot;wpgmza_ol_tile_filter&quot;:&quot;none&quot;,&quot;id&quot;:1}\" ><\/div>\n\n\n<p><\/p>\n\n\n\n<h2 class=\"wp-block-heading has-text-align-center\">\u00dcber uns<br><\/h2>\n\n\n\n<p class=\"has-text-align-center\">Unser Verein z\u00e4hlt derzeit etwa 85 Mitglieder im Alter von 6 bis 65 Jahren. Unsere Sportkameradinnen und -kameraden kommen aus Coburg, Kronach, Eisfeld und Ansbach. Die Sportlerinnen und Sportler aus Eisfeld trainieren mit gro\u00dfem Engagement und Enthusiasmus in ihrer Heimatstadt im Fitness-Studio Maximum. Dar\u00fcber hinaus nehmen sie regelm\u00e4\u00dfig an gemeinsamen Lehrg\u00e4ngen und G\u00fcrtelpr\u00fcfungen bei uns teil. &nbsp;<\/p>\n\n\n\n<p>Besonders stolz sind wir auf unser bekanntestes Vereinsmitglied, Wilfried Harloff aus Ansbach. Als Inhaber des 8. DAN in Taekwondo und Gro\u00dfmeister leitet er mit gro\u00dfem Erfolg seinen eigenen Verein, den Budo-Club Harloff. &nbsp;<\/p>\n\n\n\n<p class=\"has-text-align-center\">Unser Training findet dreimal w\u00f6chentlich statt und ist auf breitensportorientiertes Taekwondo ausgerichtet.<\/p>\n\n\n\n<p><\/p>\n\n\n\n<figure class=\"wp-block-image aligncenter size-large\"><img loading=\"lazy\" decoding=\"async\" width=\"1024\" height=\"468\" src=\"http:\/\/wp1151088.server-he.de\/wp-content\/uploads\/2023\/07\/Guertelpruefung_1-1024x468.jpg\" alt=\"\" class=\"wp-image-29\" srcset=\"https:\/\/taekwondo-coburg.com\/wp-content\/uploads\/2023\/07\/Guertelpruefung_1-1024x468.jpg 1024w, https:\/\/taekwondo-coburg.com\/wp-content\/uploads\/2023\/07\/Guertelpruefung_1-300x137.jpg 300w, https:\/\/taekwondo-coburg.com\/wp-content\/uploads\/2023\/07\/Guertelpruefung_1-768x351.jpg 768w, https:\/\/taekwondo-coburg.com\/wp-content\/uploads\/2023\/07\/Guertelpruefung_1-1536x701.jpg 1536w, https:\/\/taekwondo-coburg.com\/wp-content\/uploads\/2023\/07\/Guertelpruefung_1-2048x935.jpg 2048w, https:\/\/taekwondo-coburg.com\/wp-content\/uploads\/2023\/07\/Guertelpruefung_1-1000x457.jpg 1000w, https:\/\/taekwondo-coburg.com\/wp-content\/uploads\/2023\/07\/Guertelpruefung_1-230x105.jpg 230w, https:\/\/taekwondo-coburg.com\/wp-content\/uploads\/2023\/07\/Guertelpruefung_1-350x160.jpg 350w, https:\/\/taekwondo-coburg.com\/wp-content\/uploads\/2023\/07\/Guertelpruefung_1-480x219.jpg 480w\" sizes=\"auto, (max-width: 1024px) 100vw, 1024px\" \/><\/figure>\n\n\n\n<h2 class=\"wp-block-heading has-text-align-center\">Taekwondo<\/h2>\n\n\n\n<p class=\"has-text-align-center\">Taekwondo ist eine koreanische Kampfsportart und steht frei \u00fcbersetzt f\u00fcr&nbsp;<\/p>\n\n\n\n<p class=\"has-text-align-center\">&#8222;Die Kunst mit F\u00fc\u00dfen und H\u00e4nden zu k\u00e4mpfen&#8220;<\/p>\n\n\n\n<figure class=\"wp-block-image aligncenter size-full\"><img loading=\"lazy\" decoding=\"async\" width=\"300\" height=\"148\" src=\"http:\/\/wp1151088.server-he.de\/wp-content\/uploads\/2023\/07\/schriftzugtkd.jpg\" alt=\"\" class=\"wp-image-31\" srcset=\"https:\/\/taekwondo-coburg.com\/wp-content\/uploads\/2023\/07\/schriftzugtkd.jpg 300w, https:\/\/taekwondo-coburg.com\/wp-content\/uploads\/2023\/07\/schriftzugtkd-230x113.jpg 230w\" sizes=\"auto, (max-width: 300px) 100vw, 300px\" \/><\/figure>\n\n\n\n<p class=\"has-text-align-center\"><strong>Geschichte<\/strong><\/p>\n\n\n\n<p class=\"has-text-align-center\">Taekwondo ist eine koreanische Kampfkunst, die ihre Wurzeln in alten Kampftechniken hat und sich in der Mitte des 20. Jahrhunderts entwickelte. Der Name setzt sich aus den Worten &#8222;Tae&#8220; (Fu\u00df), &#8222;Kwon&#8220; (Faust) und &#8222;Do&#8220; (Weg) zusammen und beschreibt den Weg des Fu\u00df- und Faustkampfes.<\/p>\n\n\n\n<p>Taekwondo wurde offiziell in den 1950er Jahren in S\u00fcdkorea begr\u00fcndet, nachdem verschiedene traditionelle Kampfstile zusammengef\u00fchrt wurden. Zu den Vorl\u00e4ufern geh\u00f6ren unter anderem die alten koreanischen Kampfk\u00fcnste <strong>Taekkyeon<\/strong>und <strong>Subak<\/strong> sowie Einfl\u00fcsse aus chinesischen und japanischen Kampfsystemen. General <strong>Choi Hong Hi<\/strong> wird oft als einer der wichtigsten Wegbereiter f\u00fcr die Modernisierung von Taekwondo angesehen.<\/p>\n\n\n\n<p>In den 1960er Jahren begann Taekwondo, sich international auszubreiten, vor allem durch die Bem\u00fchungen der s\u00fcdkoreanischen Regierung, Taekwondo als Nationalsport zu f\u00f6rdern. Heute ist es nicht nur ein beliebter Kampfsport, sondern auch eine olympische Disziplin, die weltweit Millionen von Praktizierenden begeistert.<\/p>\n\n\n\n<p class=\"has-text-align-center\">Taekwondo steht f\u00fcr k\u00f6rperliche Fitness, mentale St\u00e4rke und die Vermittlung ethischer Werte wie Respekt, Selbstdisziplin und H\u00f6flichkeit.<\/p>\n\n\n\n<p class=\"has-text-align-center\"><strong>Bedeutung der verschiedenen G\u00fcrtelfarben<\/strong><\/p>\n\n\n\n<figure class=\"wp-block-image aligncenter size-full\"><img loading=\"lazy\" decoding=\"async\" width=\"400\" height=\"243\" src=\"http:\/\/wp1151088.server-he.de\/wp-content\/uploads\/2023\/07\/guertel-1.jpg\" alt=\"\" class=\"wp-image-33\" srcset=\"https:\/\/taekwondo-coburg.com\/wp-content\/uploads\/2023\/07\/guertel-1.jpg 400w, https:\/\/taekwondo-coburg.com\/wp-content\/uploads\/2023\/07\/guertel-1-300x182.jpg 300w, https:\/\/taekwondo-coburg.com\/wp-content\/uploads\/2023\/07\/guertel-1-230x140.jpg 230w, https:\/\/taekwondo-coburg.com\/wp-content\/uploads\/2023\/07\/guertel-1-350x213.jpg 350w\" sizes=\"auto, (max-width: 400px) 100vw, 400px\" \/><\/figure>\n\n\n\n<p class=\"has-text-align-center\">Zus\u00e4tzlich gibt es noch 10 Dan-Grade (Schwarze G\u00fcrtel).&nbsp;<\/p>\n\n\n\n<p class=\"has-text-align-center\">Zu den 6 Grundfarben gibt es zwischen jeder Stufe noch eine Zwischenstufe (Mischung aus dem alten und dem neuen G\u00fcrtel). Um einen neuen G\u00fcrtel zu erhalten m\u00fcssen Pr\u00fcfungen mit einem genau vorgeschriebenen Pr\u00fcfungsprogramm abgelegt werden.<\/p>\n\n\n\n<p class=\"has-text-align-center\"><strong>Grundarten<\/strong><\/p>\n\n\n\n<p class=\"has-text-align-center\">Taekwondo l\u00e4sst sich generell in 3 Grundarten unterteilen:<\/p>\n\n\n\n<p class=\"has-text-align-center\">Selbstverteidigung<\/p>\n\n\n\n<p class=\"has-text-align-center\">Formenlauf<\/p>\n\n\n\n<p class=\"has-text-align-center\">Wettkampf<\/p>\n\n\n\n<figure class=\"wp-block-image aligncenter size-full is-style-default\"><img loading=\"lazy\" decoding=\"async\" width=\"212\" height=\"212\" src=\"http:\/\/wp1151088.server-he.de\/wp-content\/uploads\/2023\/07\/logoklein-1.jpg\" alt=\"\" class=\"wp-image-11\" srcset=\"https:\/\/taekwondo-coburg.com\/wp-content\/uploads\/2023\/07\/logoklein-1.jpg 212w, https:\/\/taekwondo-coburg.com\/wp-content\/uploads\/2023\/07\/logoklein-1-150x150.jpg 150w\" sizes=\"auto, (max-width: 212px) 100vw, 212px\" \/><\/figure>\n","protected":false},"excerpt":{"rendered":"<p>Training Wolltest Du nicht auch schon immer Teil eines Vereins sein, bei dem sich die Mitglieder gegenseitig helfen und gemeinsam Spa\u00df haben? [&hellip;]<\/p>\n","protected":false},"author":1,"featured_media":0,"parent":0,"menu_order":0,"comment_status":"closed","ping_status":"closed","template":"page-templates\/page_front-page.php","meta":{"footnotes":""},"class_list":["post-16","page","type-page","status-publish","hentry"],"_links":{"self":[{"href":"https:\/\/taekwondo-coburg.com\/index.php\/wp-json\/wp\/v2\/pages\/16","targetHints":{"allow":["GET"]}}],"collection":[{"href":"https:\/\/taekwondo-coburg.com\/index.php\/wp-json\/wp\/v2\/pages"}],"about":[{"href":"https:\/\/taekwondo-coburg.com\/index.php\/wp-json\/wp\/v2\/types\/page"}],"author":[{"embeddable":true,"href":"https:\/\/taekwondo-coburg.com\/index.php\/wp-json\/wp\/v2\/users\/1"}],"replies":[{"embeddable":true,"href":"https:\/\/taekwondo-coburg.com\/index.php\/wp-json\/wp\/v2\/comments?post=16"}],"version-history":[{"count":18,"href":"https:\/\/taekwondo-coburg.com\/index.php\/wp-json\/wp\/v2\/pages\/16\/revisions"}],"predecessor-version":[{"id":157,"href":"https:\/\/taekwondo-coburg.com\/index.php\/wp-json\/wp\/v2\/pages\/16\/revisions\/157"}],"wp:attachment":[{"href":"https:\/\/taekwondo-coburg.com\/index.php\/wp-json\/wp\/v2\/media?parent=16"}],"curies":[{"name":"wp","href":"https:\/\/api.w.org\/{rel}","templated":true}]}}